{"id":438,"date":"2023-03-02T15:33:46","date_gmt":"2023-03-02T15:33:46","guid":{"rendered":"https:\/\/www.vlvtexteis.com\/quem-somos\/"},"modified":"2023-03-28T16:04:27","modified_gmt":"2023-03-28T15:04:27","slug":"qui-sommes-nous","status":"publish","type":"page","link":"https:\/\/www.vlvtexteis.com\/fr\/qui-sommes-nous\/","title":{"rendered":"Qui Sommes Nous"},"content":{"rendered":"\n<h2 class=\"wp-block-heading\">Excellence, coh\u00e9rence, comp\u00e9titivit\u00e9 et communication sont nos devises.<\/h2>\n\n\n\n<p>VLV t\u00eaxteis, fond\u00e9e en 1991, est bas\u00e9e dans l&rsquo;axe de l&rsquo;industrie textile portugaise &#8211; Vale do C\u00e1vado e Ave.<br>Nous sommes des sp\u00e9cialistes de la fabrication de v\u00eatements et de tout l&rsquo;univers des applications et des processus li\u00e9s \u00e0 cette activit\u00e9.<br>Nos op\u00e9rateurs et contr\u00f4leurs qualifi\u00e9s garantissent des produits de la plus haute qualit\u00e9 selon les sp\u00e9cifications de chaque client.<\/p>\n\n\n<div id=\"grid-gallery-4-77865\" data-gg-id=\"4\" data-title=\"teste 1\" data-grid-type=\"0\" data-offset=\"10.3\" data-area-position=\"center\" data-icons=\"false\" data-preloader=\"false\" data-width=\"400\" data-height=\"300\" data-padding=\"0\" data-quicksand=\"disabled\" data-quicksand-duration=\"none\" data-popup-theme=\"theme_3\" data-popup-type=\"colorbox\" data-popup-fadeOut=\"300\" data-popup-captions=\"hide\" data-popup-image-text=\"alt\" data-popup-widthsize=\"auto\" data-popup-heightsize=\"auto\" data-popup-i18n-words=\"{&quot;close&quot;:&quot;fechar&quot;,&quot;next&quot;:&quot;pr\\u00f3ximo&quot;,&quot;previous&quot;:&quot;anterior&quot;,&quot;start_slideshow&quot;:&quot;Come\\u00e7ar o Slideshow&quot;,&quot;stop_slideshow&quot;:&quot;Parar slideshow&quot;,&quot;image&quot;:&quot;imagem&quot;,&quot;of&quot;:&quot;de&quot;,&quot;prev&quot;:&quot;prev&quot;,&quot;cExpand&quot;:&quot;Expand&quot;,&quot;cPrevious&quot;:&quot;Previous&quot;,&quot;cNext&quot;:&quot;Pr\\u00f3ximo&quot;,&quot;cExpandStr&quot;:&quot;Expand the image&quot;,&quot;cRotate&quot;:&quot;Rotate&quot;,&quot;cDetails&quot;:&quot;Details&quot;}\" data-popup-slideshow=\"false\" data-popup-slideshow-speed=\"2500\" data-popup-hoverstop=\"true\" data-popup-slideshow-auto=\"false\" data-popup-background=\"\" data-popup-transparency=\"30\" data-popup-disable-history=\"\" data-popup-disable-changed-url=\"\" data-popup-border-type=\"solid\" data-popup-border-color=\"\" data-popup-border-width=\"\" data-popup-border-enable=\"\" data-fullscreen=\"false\" data-hide-tooltip=\"false\" data-caption-font-family=\"Default\" data-caption-text-size=\"14px\" data-is-mobile=\"0\" data-caption-mobile=\"false\" data-hide-long-tltp-title=\"1\" data-caption-disabled-on-mobile=\"false\" data-popup-placement-type=\"0\" data-social-sharing=\"{&quot;enabled&quot;:&quot;&quot;,&quot;gallerySharing&quot;:{&quot;enabled&quot;:null,&quot;position&quot;:null},&quot;imageSharing&quot;:{&quot;enabled&quot;:null,&quot;wrapperClass&quot;:&quot; vertical &quot;},&quot;popupSharing&quot;:{&quot;enabled&quot;:null,&quot;wrapperClass&quot;:&quot; vertical &quot;}}\" class=\"grid-gallery grid-gallery-fixed \" style=\" width:100%; height:auto; margin-left:auto; margin-right:auto;position:relative;\"> <div class=\"gallery-sharing-top\"><\/div> <div id=\"photos-4\" class=\"grid-gallery-photos\"><a id=\"gg-4-27\" class=\"gg-link gg-colorbox\" data-attachment-id=\"171\" href=\"https:\/\/www.vlvtexteis.com\/wp-content\/uploads\/2023\/03\/vlv_BI_8946.jpg?gid=4\" target=\"_self\" title=\"vlv_BI_8946\" rel=\"\" style=\"border-radius:0px;\" ><FIGURE class=\"grid-gallery-caption\" data-grid-gallery-type=\"none\" data-index=\"0\" style=\"display:none;border-radius:0px;; margin:10.3px; width:400px;\" ><div class=\"crop\" style=\" width:400px; height:300px; overflow:hidden;\"><img decoding=\"async\" src=\"https:\/\/www.vlvtexteis.com\/wp-content\/uploads\/2023\/03\/vlv_BI_8946-400x300.jpg\" class=\"ggImg\" alt=\"vlv_BI_8946\" title=\"vlv_BI_8946\" data-description=\"vlv_BI_8946\" data-caption=\"vlv_BI_8946\" data-title=\"vlv_BI_8946\" style=\" width:400px; height:300px;\" \/><\/div><FIGCAPTION class=\"\" data-alpha=\"5\" style=\"color:#ffffff; background-color:#0a0000; font-size:14px; text-align:left; font-family:Default; opacity:1; bottom:0;\" ><div class=\"grid-gallery-figcaption-wrap\" style=\" vertical-align:top;\"><\/div><\/FIGCAPTION><\/FIGURE><\/a><a id=\"gg-4-28\" class=\"gg-link gg-colorbox\" data-attachment-id=\"172\" href=\"https:\/\/www.vlvtexteis.com\/wp-content\/uploads\/2023\/03\/vlv_BI_8974-02.jpg?gid=4\" target=\"_self\" title=\"vlv_BI_8974-02\" rel=\"\" style=\"border-radius:0px;\" ><FIGURE class=\"grid-gallery-caption\" data-grid-gallery-type=\"none\" data-index=\"1\" style=\"display:none;border-radius:0px;; margin:10.3px; width:400px;\" ><div class=\"crop\" style=\" width:400px; height:300px; overflow:hidden;\"><img decoding=\"async\" src=\"https:\/\/www.vlvtexteis.com\/wp-content\/uploads\/2023\/03\/vlv_BI_8974-02-400x300.jpg\" class=\"ggImg\" alt=\"vlv_BI_8974-02\" title=\"vlv_BI_8974-02\" data-description=\"vlv_BI_8974-02\" data-caption=\"vlv_BI_8974-02\" data-title=\"vlv_BI_8974-02\" style=\" width:400px; height:300px;\" \/><\/div><FIGCAPTION class=\"\" data-alpha=\"5\" style=\"color:#ffffff; background-color:#0a0000; font-size:14px; text-align:left; font-family:Default; opacity:1; bottom:0;\" ><div class=\"grid-gallery-figcaption-wrap\" style=\" vertical-align:top;\"><\/div><\/FIGCAPTION><\/FIGURE><\/a> <div class=\"grid-gallery-clearfix\"><\/div> <\/div> <div class=\"gallery-sharing-bottom\"><\/div> <div class=\"grid-gallery-clearfix\"><\/div> <\/div> <!-- Gallery by Supsystic plugin1.15.12 -->\n\n\n<p>Nous transformons rapidement le concept ou le design de chaque acheteur en un produit pr\u00eat \u00e0 \u00eatre fabriqu\u00e9, en utilisant, pour chaque cas, nos meilleures usines et \u00e9quipements.<br>Vous pourrez participer au processus de production autant que vous le voudrez.<br>Nous sommes toujours disponibles pour tout contact, par t\u00e9l\u00e9phone, par e-mail, en personne ou par vid\u00e9oconf\u00e9rence.<br>En plus de nos cr\u00e9dits, notre situation g\u00e9ographique et nos liens \u00e9troits avec la communaut\u00e9, les projets et les entreprises locales nous permettent d&rsquo;avoir un temps de production et de r\u00e9ponse tr\u00e8s favorable et rapide.<br>La gamme de v\u00eatements produits dans chacun des segments est tr\u00e8s large. Le type de mati\u00e8res premi\u00e8res utilis\u00e9es varie en fonction des souhaits du client, en termes de type et de composition des mailles.<br>Actuellement, l&rsquo;entreprise dispose de sections de mod\u00e9lisation, de d\u00e9coupe automatique, de confection et de finition. Toutefois, cette \u00e9quipe, en constante formation, est capable de s&rsquo;adapter aux nouveaux changements, d&#8217;embrasser de nouvelles id\u00e9es et de nouveaux projets.<\/p>\n\n\n\n<p>C&rsquo;est gr\u00e2ce \u00e0 ce processus complexe d&rsquo;acquisition de connaissances, de d\u00e9veloppement de valeurs et de structuration de l&rsquo;entreprise que nous sommes en mesure de maintenir une bonne relation commerciale et une grande satisfaction avec tous ceux qui s&rsquo;adressent \u00e0 nous.<\/p>\n","protected":false},"excerpt":{"rendered":"<p>Excellence, coh\u00e9rence, comp\u00e9titivit\u00e9 et communication sont nos devises. VLV t\u00eaxteis, fond\u00e9e en 1991, est bas\u00e9e dans l&rsquo;axe de l&rsquo;industrie textile portugaise &#8211; Vale do C\u00e1vado e Ave.Nous sommes des sp\u00e9cialistes de la fabrication de v\u00eatements et de tout l&rsquo;univers des applications et des processus li\u00e9s \u00e0 cette activit\u00e9.Nos op\u00e9rateurs et contr\u00f4leurs qualifi\u00e9s garantissent des produits de la plus haute qualit\u00e9 selon les sp\u00e9cifications de chaque client. Nous transformons rapidement le concept ou le design de chaque acheteur en un produit pr\u00eat \u00e0 \u00eatre fabriqu\u00e9, en utilisant, pour chaque cas, nos meilleures usines et \u00e9quipements.Vous pourrez participer au processus de production\u2026<\/p>\n","protected":false},"author":1,"featured_media":0,"parent":0,"menu_order":0,"comment_status":"closed","ping_status":"closed","template":"","meta":{"footnotes":""},"class_list":["post-438","page","type-page","status-publish","hentry"],"blocksy_meta":"","featured_image_urls":{"full":"","thumbnail":"","medium":"","medium_large":"","large":"","1536x1536":"","2048x2048":"","gg_gallery_thumbnail":""},"post_excerpt_stackable":"<p>Excellence, coh\u00e9rence, comp\u00e9titivit\u00e9 et communication sont nos devises. VLV t\u00eaxteis, fond\u00e9e en 1991, est bas\u00e9e dans l&rsquo;axe de l&rsquo;industrie textile portugaise &#8211; Vale do C\u00e1vado e Ave.Nous sommes des sp\u00e9cialistes de la fabrication de v\u00eatements et de tout l&rsquo;univers des applications et des processus li\u00e9s \u00e0 cette activit\u00e9.Nos op\u00e9rateurs et contr\u00f4leurs qualifi\u00e9s garantissent des produits de la plus haute qualit\u00e9 selon les sp\u00e9cifications de chaque client. Nous transformons rapidement le concept ou le design de chaque acheteur en un produit pr\u00eat \u00e0 \u00eatre fabriqu\u00e9, en utilisant, pour chaque cas, nos meilleures usines et \u00e9quipements.Vous pourrez participer au processus de production\u2026<\/p>\n","category_list":"","author_info":{"name":"brandit","url":"https:\/\/www.vlvtexteis.com\/fr\/author\/brandit\/"},"comments_num":"0 commentaire","yoast_head":"<!-- This site is optimized with the Yoast SEO plugin v20.3 - https:\/\/yoast.com\/wordpress\/plugins\/seo\/ -->\n<title>Qui Sommes Nous - VLV t\u00eaxteis, lda.<\/title>\n<meta name=\"robots\" content=\"index, follow, max-snippet:-1, max-image-preview:large, max-video-preview:-1\" \/>\n<link rel=\"canonical\" href=\"https:\/\/www.vlvtexteis.com\/fr\/qui-sommes-nous\/\" \/>\n<meta property=\"og:locale\" content=\"fr_FR\" \/>\n<meta property=\"og:type\" content=\"article\" \/>\n<meta property=\"og:title\" content=\"Qui Sommes Nous - VLV t\u00eaxteis, lda.\" \/>\n<meta property=\"og:description\" content=\"Excellence, coh\u00e9rence, comp\u00e9titivit\u00e9 et communication sont nos devises. VLV t\u00eaxteis, fond\u00e9e en 1991, est bas\u00e9e dans l&rsquo;axe de l&rsquo;industrie textile portugaise &#8211; Vale do C\u00e1vado e Ave.Nous sommes des sp\u00e9cialistes de la fabrication de v\u00eatements et de tout l&rsquo;univers des applications et des processus li\u00e9s \u00e0 cette activit\u00e9.Nos op\u00e9rateurs et contr\u00f4leurs qualifi\u00e9s garantissent des produits de la plus haute qualit\u00e9 selon les sp\u00e9cifications de chaque client. Nous transformons rapidement le concept ou le design de chaque acheteur en un produit pr\u00eat \u00e0 \u00eatre fabriqu\u00e9, en utilisant, pour chaque cas, nos meilleures usines et \u00e9quipements.Vous pourrez participer au processus de production\u2026\" \/>\n<meta property=\"og:url\" content=\"https:\/\/www.vlvtexteis.com\/fr\/qui-sommes-nous\/\" \/>\n<meta property=\"og:site_name\" content=\"VLV t\u00eaxteis, lda.\" \/>\n<meta property=\"article:modified_time\" content=\"2023-03-28T15:04:27+00:00\" \/>\n<meta property=\"og:image\" content=\"https:\/\/www.vlvtexteis.com\/wp-content\/uploads\/2023\/03\/vlvtexteis-logo.png\" \/>\n\t<meta property=\"og:image:width\" content=\"180\" \/>\n\t<meta property=\"og:image:height\" content=\"89\" \/>\n\t<meta property=\"og:image:type\" content=\"image\/png\" \/>\n<meta name=\"twitter:card\" content=\"summary_large_image\" \/>\n<meta name=\"twitter:label1\" content=\"Dur\u00e9e de lecture estim\u00e9e\" \/>\n\t<meta name=\"twitter:data1\" content=\"2 minutes\" \/>\n<script type=\"application\/ld+json\" class=\"yoast-schema-graph\">{\"@context\":\"https:\/\/schema.org\",\"@graph\":[{\"@type\":\"WebPage\",\"@id\":\"https:\/\/www.vlvtexteis.com\/fr\/qui-sommes-nous\/\",\"url\":\"https:\/\/www.vlvtexteis.com\/fr\/qui-sommes-nous\/\",\"name\":\"Qui Sommes Nous - VLV t\u00eaxteis, lda.\",\"isPartOf\":{\"@id\":\"https:\/\/www.vlvtexteis.com\/fr\/#website\"},\"datePublished\":\"2023-03-02T15:33:46+00:00\",\"dateModified\":\"2023-03-28T15:04:27+00:00\",\"breadcrumb\":{\"@id\":\"https:\/\/www.vlvtexteis.com\/fr\/qui-sommes-nous\/#breadcrumb\"},\"inLanguage\":\"fr-FR\",\"potentialAction\":[{\"@type\":\"ReadAction\",\"target\":[\"https:\/\/www.vlvtexteis.com\/fr\/qui-sommes-nous\/\"]}]},{\"@type\":\"BreadcrumbList\",\"@id\":\"https:\/\/www.vlvtexteis.com\/fr\/qui-sommes-nous\/#breadcrumb\",\"itemListElement\":[{\"@type\":\"ListItem\",\"position\":1,\"name\":\"In\u00edcio\",\"item\":\"https:\/\/www.vlvtexteis.com\/fr\/\"},{\"@type\":\"ListItem\",\"position\":2,\"name\":\"Qui Sommes Nous\"}]},{\"@type\":\"WebSite\",\"@id\":\"https:\/\/www.vlvtexteis.com\/fr\/#website\",\"url\":\"https:\/\/www.vlvtexteis.com\/fr\/\",\"name\":\"VLV T\u00eaxteis, Lda.\",\"description\":\"Fabricante de malhas em Tamel (S\u00e3o Ver\u00edssimo)\",\"publisher\":{\"@id\":\"https:\/\/www.vlvtexteis.com\/fr\/#organization\"},\"alternateName\":\"VLVTexteis\",\"potentialAction\":[{\"@type\":\"SearchAction\",\"target\":{\"@type\":\"EntryPoint\",\"urlTemplate\":\"https:\/\/www.vlvtexteis.com\/fr\/?s={search_term_string}\"},\"query-input\":\"required name=search_term_string\"}],\"inLanguage\":\"fr-FR\"},{\"@type\":\"Organization\",\"@id\":\"https:\/\/www.vlvtexteis.com\/fr\/#organization\",\"name\":\"VLV T\u00eaxtil, Lda.\",\"alternateName\":\"VLVT\u00eaxtil\",\"url\":\"https:\/\/www.vlvtexteis.com\/fr\/\",\"logo\":{\"@type\":\"ImageObject\",\"inLanguage\":\"fr-FR\",\"@id\":\"https:\/\/www.vlvtexteis.com\/fr\/#\/schema\/logo\/image\/\",\"url\":\"https:\/\/www.vlvtexteis.com\/wp-content\/uploads\/2023\/03\/vlvtexteis-logo.png\",\"contentUrl\":\"https:\/\/www.vlvtexteis.com\/wp-content\/uploads\/2023\/03\/vlvtexteis-logo.png\",\"width\":180,\"height\":89,\"caption\":\"VLV T\u00eaxtil, Lda.\"},\"image\":{\"@id\":\"https:\/\/www.vlvtexteis.com\/fr\/#\/schema\/logo\/image\/\"}}]}<\/script>\n<!-- \/ Yoast SEO plugin. -->","yoast_head_json":{"title":"Qui Sommes Nous - VLV t\u00eaxteis, lda.","robots":{"index":"index","follow":"follow","max-snippet":"max-snippet:-1","max-image-preview":"max-image-preview:large","max-video-preview":"max-video-preview:-1"},"canonical":"https:\/\/www.vlvtexteis.com\/fr\/qui-sommes-nous\/","og_locale":"fr_FR","og_type":"article","og_title":"Qui Sommes Nous - VLV t\u00eaxteis, lda.","og_description":"Excellence, coh\u00e9rence, comp\u00e9titivit\u00e9 et communication sont nos devises. VLV t\u00eaxteis, fond\u00e9e en 1991, est bas\u00e9e dans l&rsquo;axe de l&rsquo;industrie textile portugaise &#8211; Vale do C\u00e1vado e Ave.Nous sommes des sp\u00e9cialistes de la fabrication de v\u00eatements et de tout l&rsquo;univers des applications et des processus li\u00e9s \u00e0 cette activit\u00e9.Nos op\u00e9rateurs et contr\u00f4leurs qualifi\u00e9s garantissent des produits de la plus haute qualit\u00e9 selon les sp\u00e9cifications de chaque client. Nous transformons rapidement le concept ou le design de chaque acheteur en un produit pr\u00eat \u00e0 \u00eatre fabriqu\u00e9, en utilisant, pour chaque cas, nos meilleures usines et \u00e9quipements.Vous pourrez participer au processus de production\u2026","og_url":"https:\/\/www.vlvtexteis.com\/fr\/qui-sommes-nous\/","og_site_name":"VLV t\u00eaxteis, lda.","article_modified_time":"2023-03-28T15:04:27+00:00","og_image":[{"width":180,"height":89,"url":"https:\/\/www.vlvtexteis.com\/wp-content\/uploads\/2023\/03\/vlvtexteis-logo.png","type":"image\/png"}],"twitter_card":"summary_large_image","twitter_misc":{"Dur\u00e9e de lecture estim\u00e9e":"2 minutes"},"schema":{"@context":"https:\/\/schema.org","@graph":[{"@type":"WebPage","@id":"https:\/\/www.vlvtexteis.com\/fr\/qui-sommes-nous\/","url":"https:\/\/www.vlvtexteis.com\/fr\/qui-sommes-nous\/","name":"Qui Sommes Nous - VLV t\u00eaxteis, lda.","isPartOf":{"@id":"https:\/\/www.vlvtexteis.com\/fr\/#website"},"datePublished":"2023-03-02T15:33:46+00:00","dateModified":"2023-03-28T15:04:27+00:00","breadcrumb":{"@id":"https:\/\/www.vlvtexteis.com\/fr\/qui-sommes-nous\/#breadcrumb"},"inLanguage":"fr-FR","potentialAction":[{"@type":"ReadAction","target":["https:\/\/www.vlvtexteis.com\/fr\/qui-sommes-nous\/"]}]},{"@type":"BreadcrumbList","@id":"https:\/\/www.vlvtexteis.com\/fr\/qui-sommes-nous\/#breadcrumb","itemListElement":[{"@type":"ListItem","position":1,"name":"In\u00edcio","item":"https:\/\/www.vlvtexteis.com\/fr\/"},{"@type":"ListItem","position":2,"name":"Qui Sommes Nous"}]},{"@type":"WebSite","@id":"https:\/\/www.vlvtexteis.com\/fr\/#website","url":"https:\/\/www.vlvtexteis.com\/fr\/","name":"VLV T\u00eaxteis, Lda.","description":"Fabricante de malhas em Tamel (S\u00e3o Ver\u00edssimo)","publisher":{"@id":"https:\/\/www.vlvtexteis.com\/fr\/#organization"},"alternateName":"VLVTexteis","potentialAction":[{"@type":"SearchAction","target":{"@type":"EntryPoint","urlTemplate":"https:\/\/www.vlvtexteis.com\/fr\/?s={search_term_string}"},"query-input":"required name=search_term_string"}],"inLanguage":"fr-FR"},{"@type":"Organization","@id":"https:\/\/www.vlvtexteis.com\/fr\/#organization","name":"VLV T\u00eaxtil, Lda.","alternateName":"VLVT\u00eaxtil","url":"https:\/\/www.vlvtexteis.com\/fr\/","logo":{"@type":"ImageObject","inLanguage":"fr-FR","@id":"https:\/\/www.vlvtexteis.com\/fr\/#\/schema\/logo\/image\/","url":"https:\/\/www.vlvtexteis.com\/wp-content\/uploads\/2023\/03\/vlvtexteis-logo.png","contentUrl":"https:\/\/www.vlvtexteis.com\/wp-content\/uploads\/2023\/03\/vlvtexteis-logo.png","width":180,"height":89,"caption":"VLV T\u00eaxtil, Lda."},"image":{"@id":"https:\/\/www.vlvtexteis.com\/fr\/#\/schema\/logo\/image\/"}}]}},"_links":{"self":[{"href":"https:\/\/www.vlvtexteis.com\/fr\/wp-json\/wp\/v2\/pages\/438","targetHints":{"allow":["GET"]}}],"collection":[{"href":"https:\/\/www.vlvtexteis.com\/fr\/wp-json\/wp\/v2\/pages"}],"about":[{"href":"https:\/\/www.vlvtexteis.com\/fr\/wp-json\/wp\/v2\/types\/page"}],"author":[{"embeddable":true,"href":"https:\/\/www.vlvtexteis.com\/fr\/wp-json\/wp\/v2\/users\/1"}],"replies":[{"embeddable":true,"href":"https:\/\/www.vlvtexteis.com\/fr\/wp-json\/wp\/v2\/comments?post=438"}],"version-history":[{"count":1,"href":"https:\/\/www.vlvtexteis.com\/fr\/wp-json\/wp\/v2\/pages\/438\/revisions"}],"predecessor-version":[{"id":579,"href":"https:\/\/www.vlvtexteis.com\/fr\/wp-json\/wp\/v2\/pages\/438\/revisions\/579"}],"wp:attachment":[{"href":"https:\/\/www.vlvtexteis.com\/fr\/wp-json\/wp\/v2\/media?parent=438"}],"curies":[{"name":"wp","href":"https:\/\/api.w.org\/{rel}","templated":true}]}}